{"id":1590,"date":"2020-07-29T17:35:15","date_gmt":"2020-07-29T16:35:15","guid":{"rendered":"https:\/\/fundacja.kerstens.org\/index.php\/?page_id=1590"},"modified":"2024-01-15T17:44:01","modified_gmt":"2024-01-15T16:44:01","slug":"wsparcia-finansowe","status":"publish","type":"page","link":"https:\/\/fundacja.kerstens.org\/index.php\/wsparcia-finansowe\/","title":{"rendered":"Wsparcia finansowe"},"content":{"rendered":"<p>W 2016 roku  Fundacja Kersten\u00f3w dofinansowa\u0142a wydanie akt sejmikowych wojew\u00f3dztwa  lubelskiego 1572-1632. Profesor Henryk Gmiterek zwr\u00f3ci\u0142 si\u0119 do Fundacji o  wsparcie finansowe. Wspomnia\u0142 on, i\u017c by\u0142 on w zespole razem z Adamem Kerstenem,  kt\u00f3ry w 1980 roku <a href=\"https:\/\/fundacja.kerstens.org\/index.php\/podziekowanie-profesorowi-henrykowi-gmiterkowi\/\">wystapil do Rektora UMCS<\/a> o dofinansowanie prac nad tymi w\u0142a\u015bnie  aktami.<br \/>\nPomy\u015blna sytuacja  finansowa Fundacji pozwoli\u0142a Zarz\u0105dowi podj\u0105\u0107 decyzj\u0119 o dokonaniu wsparcia.  Wydawnictwo UMCS w Lublinie wyda\u0142o akta w 2016.<br \/>\nZarz\u0105d gratuluje Profesorowi  Gmiterkowi starannego opracowania akt oraz serdecznie dzi\u0119kuje, \u017ce doko\u0144czy\u0142 dzie\u0142o, kt\u00f3rego on, Adam i inni koledzy nie mogli zrealizowa\u0107 w latach osiemdziesi\u0105tych.<\/p>\n<h2>Akta sejmikowe wojew\u00f3dztwa lubelskiego 1572-1632<\/h2>\n<h3>Red. Henryk Gmiterek<\/h3>\n<h6>WST\u0118P (fragmenty)<\/h6>\n<p><img loading=\"lazy\" decoding=\"async\" src=\"https:\/\/fundacja.kerstens.org\/wp-content\/uploads\/2024\/01\/okladka-Akt-sejmikowych-209x300.jpg\" alt=\"\" width=\"209\" height=\"300\" class=\"alignleft size-medium wp-image-2217\" srcset=\"https:\/\/fundacja.kerstens.org\/wp-content\/uploads\/2024\/01\/okladka-Akt-sejmikowych-209x300.jpg 209w, https:\/\/fundacja.kerstens.org\/wp-content\/uploads\/2024\/01\/okladka-Akt-sejmikowych.jpg 558w\" sizes=\"auto, (max-width: 209px) 100vw, 209px\" \/><\/p>\n<p>Edytorstwo akt sejmik\u00f3w ziemskich przedrozbiorowej Rzeczypospolitej  prze\u017cywa w ostatnich latach swoisty renesans. Po okresie d\u0142u\u017cszego  zastoju badaczom uprzyst\u0119pnione zosta\u0142y akta sejmiku wojew\u00f3dztwa  podolskiego in hostico z lat 1672\u20131698, dzi\u0119ki imponuj\u0105cemu wysi\u0142kowi  Micha\u0142a Zwierzykowskiego \u015bwiat\u0142o dzienne ujrza\u0142y dwa poka\u017ane tomy  akt sejmikowych wojew\u00f3dztw pozna\u0144skiego i kaliskiego z lat 1696\u20131763, w \u015brodowisku lubelskim przygotowany zosta\u0142 tom akt sejmiku  ziemi che\u0142mskiej z lat 1572\u20131668, trwaj\u0105 prace nad kolejnymi edycjami,  m.in. sejmiku wojew\u00f3dztwa be\u0142skiego. Nawet wszak\u017ce uwzgl\u0119dniaj\u0105c  wcze\u015bniejsze edycje uprzyst\u0119pniaj\u0105ce dokumentacj\u0119 sejmik\u00f3w wisze\u0144skiego, halickiego, kujawskiego, cz\u0119\u015bciowo tak\u017ce dobrzy\u0144skiego oraz wojew\u00f3dztw:  krakowskiego, kijowskiego, brac\u0142awskiego czy wo\u0142y\u0144skiego,  stwierdzi\u0107 trzeba, \u017ce jest to stan rzeczy dalece niezadowalaj\u0105cy. &#8230;<\/p>\n<p>Niniejszym wydawnictwem do katalogu opublikowanych cz\u0119\u015bciowo  akt swojego sejmiku do\u0142\u0105cza historyczne wojew\u00f3dztwo lubelskie. Na terytorialno-administracyjnej  mapie Polski pojawi\u0142o si\u0119 ono stosunkowo  p\u00f3\u017ano, bo dopiero w 1474 r., obejmuj\u0105c nale\u017c\u0105ce do tej pory do wojew\u00f3dztwa  sandomierskiego ziemie lubelsk\u0105 i \u0142ukowsk\u0105. &#8230;<\/p>\n<p>Publikowane w niniejszym tomie akta stanowi\u0105 pok\u0142osie dzia\u0142alno\u015bci  sejmiku lubelskiego z lat 1572\u20131632. Nie znamy dok\u0142adnej liczby maj\u0105cych  w\u00f3wczas miejsce zgromadze\u0144 szlachty lubelskiej, gdy\u017c \u2014 poza zbieraj\u0105cymi si\u0119 od 1578 r. regularnie we wrze\u015bniu w pierwszy poniedzia\u0142ek po  \u015bwi\u0119cie Narodzin Marii Panny (8 wrze\u015bnia) sejmikami deputackimi, na  kt\u00f3rych wybierano deputata do Trybuna\u0142u Koronnego \u2014 pozosta\u0142e sejmiki  nie mia\u0142y sta\u0142ych termin\u00f3w obrad. Obradowa\u0142y one w terminach wyznaczonych  przez uniwersa\u0142y kr\u00f3lewskie (sejmiki przedsejmowe, tzw. kr\u00f3lewskie bez zwi\u0105zku z sejmem), uniwersa\u0142y wojewody b\u0105d\u017a kasztelana  (sejmiki elekcyjne kandydat\u00f3w na opr\u00f3\u017cnione urz\u0119dy ziemskie) b\u0105d\u017a konstytucje  sejmowe (sejmiki relacyjne). &#8230;<\/p>\n<p>Materia\u0142y obj\u0119te ramami niniejszego tomu pochodz\u0105 zatem w pierwszym  rz\u0119dzie z Archiwum Pa\u0144stwowego w Lublinie, w kt\u00f3rym przechowywane  s\u0105 w wi\u0119kszo\u015bci ksi\u0119gi grodzkie lubelskie. Akta te, przewiezione  w 1887 r. z Lublina do Wilna, zosta\u0142y w 1915 r. ewakuowane w g\u0142\u0105b Rosji, ulegaj\u0105c cz\u0119\u015bciowemu rozproszeniu. Cz\u0119\u015b\u0107 ksi\u0105g grodzkich lubelskich  (zaczynaj\u0105cych si\u0119 od 1609 r.) powr\u00f3ci\u0142a do Lublina w 1919 r., najstarsze  rewindykowane zosta\u0142y z teren\u00f3w dawnego ZSRR dopiero w latach  1962\u20131963. 8 ksi\u0105g lubelskich z lat 1531\u20131596 przechowywanych jest nadal  w Centralnym Narodowym Archiwum Historycznym Republiki Bia\u0142oru\u015b  w Mi\u0144sku. Niestety, stan zachowania ksi\u0105g lubelskich oraz ich kompletno\u015b\u0107  pozostawiaj\u0105 sporo do \u017cyczenia. Z interesuj\u0105cego nas okresu brakuje  12 ksi\u0105g z serii Relacji, manifestacji i oblat, do kt\u00f3rej wnoszono akta sejmiku,  cz\u0119\u015bciowo tylko luk\u0119 t\u0119 zape\u0142niaj\u0105 fragmentarycznie i w bardzo z\u0142ym  stanie zachowane protoko\u0142y ksi\u0105g nazwane w archiwum Destructa. Niczego  nie przynios\u0142a te\u017c kwerenda w ksi\u0119gach ziemskich urz\u0119dowskich  z obj\u0119tego niniejszym wydawnictwem okresu. &#8230;<\/p>\n<p>Zamys\u0142 publikacji akt sejmiku lubelskiego zrodzi\u0142 si\u0119 w \u015brodowisku  historyk\u00f3w Uniwersytetu Marii Curie-Sk\u0142odowskiej ju\u017c w 1980 r., a jego  \u00f3wczesnym patronem by\u0142 prof. dr hab. Adam Kersten, kierownik powo\u0142anego wtedy Zak\u0142adu Historii XVI\u2013XVIII wieku. Rozpocz\u0119te prace nie  wysz\u0142y jednak w\u00f3wczas poza etap rejestracji materia\u0142\u00f3w sejmikowych.  Przedwczesna \u015bmier\u0107 Profesora zahamowa\u0142a kontynuacj\u0119 przedsi\u0119wzi\u0119cia. Niniejszy tom chc\u0119 po\u015bwi\u0119ci\u0107 pami\u0119ci Profesora, r\u00f3wnie\u017c jako wyraz  ogromnego szacunku dla Jego zas\u0142ug dla rozwoju lubelskiego \u015brodowiska  historycznego.<\/p>\n<p>Edycja niniejsza mog\u0142a si\u0119 ukaza\u0107 m.in. dzi\u0119ki finansowemu wsparciu  ze strony Fundacji Kersten\u00f3w. W\u0142adzom Fundacji, Pa\u0144stwu Ma\u0142gorzacie  Kersten i Grzegorzowi Kerstenowi, sk\u0142adam w tym miejscu serdeczne  podzi\u0119kowania. Dyrektorowi Archiwum Pa\u0144stwowego w Lublinie dr.  Piotrowi Dymmelowi dzi\u0119kuj\u0119 za przyj\u0119cie publikacji do serii wydawniczej  Fontes Lublinenses oraz jej dofinansowanie. Panu dr. hab. Micha\u0142owi  Zwierzykowskiemu, prof. UAM jestem g\u0142\u0119boko wdzi\u0119czny za dzielenie  si\u0119 w\u0142asnymi do\u015bwiadczeniami zwi\u0105zanymi z publikacj\u0105 akt sejmikowych  oraz cenne dla niniejszej publikacji uwagi recenzyjne. S\u0142owa podzi\u0119kowa\u0144  zechc\u0105 te\u017c przyj\u0105\u0107 wszyscy pracownicy archiw\u00f3w i bibliotek, z kt\u00f3rych  \u017cyczliwo\u015bci i pomocy korzysta\u0142em w trakcie przygotowywania niniejszego  tomu.  <\/p>\n<p class=\"right_text\" style=\"font-size:14px\">Henryk Gmiterek<\/p>\n","protected":false},"excerpt":{"rendered":"<p>W 2016 roku Fundacja Kersten\u00f3w dofinansowa\u0142a wydanie akt sejmikowych wojew\u00f3dztwa lubelskiego 1572-1632. Profesor Henryk Gmiterek zwr\u00f3ci\u0142 si\u0119 do Fundacji o&hellip;<\/p>\n","protected":false},"author":2,"featured_media":0,"parent":0,"menu_order":0,"comment_status":"closed","ping_status":"closed","template":"","meta":{"footnotes":""},"class_list":["post-1590","page","type-page","status-publish","hentry"],"_links":{"self":[{"href":"https:\/\/fundacja.kerstens.org\/index.php\/wp-json\/wp\/v2\/pages\/1590","targetHints":{"allow":["GET"]}}],"collection":[{"href":"https:\/\/fundacja.kerstens.org\/index.php\/wp-json\/wp\/v2\/pages"}],"about":[{"href":"https:\/\/fundacja.kerstens.org\/index.php\/wp-json\/wp\/v2\/types\/page"}],"author":[{"embeddable":true,"href":"https:\/\/fundacja.kerstens.org\/index.php\/wp-json\/wp\/v2\/users\/2"}],"replies":[{"embeddable":true,"href":"https:\/\/fundacja.kerstens.org\/index.php\/wp-json\/wp\/v2\/comments?post=1590"}],"version-history":[{"count":8,"href":"https:\/\/fundacja.kerstens.org\/index.php\/wp-json\/wp\/v2\/pages\/1590\/revisions"}],"predecessor-version":[{"id":2218,"href":"https:\/\/fundacja.kerstens.org\/index.php\/wp-json\/wp\/v2\/pages\/1590\/revisions\/2218"}],"wp:attachment":[{"href":"https:\/\/fundacja.kerstens.org\/index.php\/wp-json\/wp\/v2\/media?parent=1590"}],"curies":[{"name":"wp","href":"https:\/\/api.w.org\/{rel}","templated":true}]}}