{"id":1597,"date":"2020-07-29T17:39:45","date_gmt":"2020-07-29T16:39:45","guid":{"rendered":"https:\/\/fundacja.kerstens.org\/index.php\/?page_id=1597"},"modified":"2020-07-29T17:53:34","modified_gmt":"2020-07-29T16:53:34","slug":"podziekowanie-profesorowi-henrykowi-gmiterkowi","status":"publish","type":"page","link":"https:\/\/fundacja.kerstens.org\/index.php\/podziekowanie-profesorowi-henrykowi-gmiterkowi\/","title":{"rendered":"Podziekowanie Profesorowi Henrykowi Gmiterkowi"},"content":{"rendered":"<h3>Akta Sejmikowe <\/h3>\n<p><img loading=\"lazy\" decoding=\"async\" src=\"https:\/\/fundacja.kerstens.org\/wp-content\/uploads\/2020\/07\/80-LetterAK.fw_.png\" alt=\"\" width=\"900\" height=\"1054\" class=\"aligncenter size-full wp-image-1598\" srcset=\"https:\/\/fundacja.kerstens.org\/wp-content\/uploads\/2020\/07\/80-LetterAK.fw_.png 900w, https:\/\/fundacja.kerstens.org\/wp-content\/uploads\/2020\/07\/80-LetterAK.fw_-256x300.png 256w, https:\/\/fundacja.kerstens.org\/wp-content\/uploads\/2020\/07\/80-LetterAK.fw_-874x1024.png 874w, https:\/\/fundacja.kerstens.org\/wp-content\/uploads\/2020\/07\/80-LetterAK.fw_-768x899.png 768w\" sizes=\"auto, (max-width: 900px) 100vw, 900px\" \/><\/p>\n<p>Pod koniec  2014 roku Profesor Henryk Gmiterek zwr\u00f3ci\u0142 si\u0119 do Fundacji z propozycj\u0105, by\u015bmy  dofinansowali prace na aktami sejmikowymi wojew\u00f3dztwa lubelskiego. Wspomnia\u0142  on, \u017ce wcze\u015bniej, bo w 1980 roku, z propozycj\u0105 opracowania tych akt wyst\u0105pi\u0142  Adam Kersten. Wydarzenia 1980 roku, a potem przedwczesna \u015bmier\u0107 Adama sprawi\u0142y,  \u017ce projekt nie zosta\u0142 podj\u0119ty. <\/p>\n<p>Nie  wiedzia\u0142em w\u00f3wczas o tym projekcie, a w dokumentach Kersten\u00f3w informacji na ten  temat nie znalaz\u0142em. Dlatego te\u017c propozycja Profesora Gmiterka by\u0142a dla mnie i  zaskoczeniem, i przyjemno\u015bci\u0105.  <\/p>\n<p>Zarz\u0105d  Fundacji zgodzi\u0142 si\u0119 na dofinansowanie pracy nad aktami, a jest to praca bardzo  \u017cmudna i wymaga ogromnego wk\u0142adu czasu, co mo\u017cna zobaczy\u0107 na przyk\u0142adzie <a href=\"#akta_przyklad\">jednej z wielu stron rekopis\u00f3w<\/a>. <\/p>\n<p>Wsparcie  prac nad aktami jest pierwszym dzia\u0142aniem Fundacji wykraczaj\u0105cym poza nadawanie  stypendi\u00f3w doktoranckich. My\u015bl\u0119, \u017ce jest to \u015bwietny przyk\u0142ad na to, w jaki  Fundacja mo\u017ce wspiera\u0107 kontynuacj\u0119 inicjatyw i dzia\u0142a\u0144 Kersten\u00f3w, a w  przysz\u0142o\u015bci tworzenie nowych prac, kt\u00f3re rozwijaj\u0105 i pog\u0142\u0119biaj\u0105 ich wysi\u0142ki  spo\u0142eczne i naukowe.<\/p>\n<p>Gratuluj\u0119  Profesorowi Gmiterkowi za wydanie akt \u2014 ukaza\u0142y si\u0119 w 2016 roku  w&nbsp;Wydawnictwie Uniwersytetu Marii Curie-Sk\u0142odowskiej. I  wdzi\u0119czny jestem   za Profesora propozycj\u0119, prac\u0119, oraz  poni\u017csz\u0105 dedykacj\u0119.<\/p>\n<p class=\"right_text\" style=\"color:#00007b\"><em> Dziekuj\u0119, Grzegorz Kersten<\/em><\/p>\n<p><img loading=\"lazy\" decoding=\"async\" src=\"https:\/\/fundacja.kerstens.org\/wp-content\/uploads\/2020\/07\/page3_small.fw_.png\" alt=\"\" width=\"486\" height=\"162\" class=\"aligncenter size-full wp-image-1602\" srcset=\"https:\/\/fundacja.kerstens.org\/wp-content\/uploads\/2020\/07\/page3_small.fw_.png 486w, https:\/\/fundacja.kerstens.org\/wp-content\/uploads\/2020\/07\/page3_small.fw_-300x100.png 300w\" sizes=\"auto, (max-width: 486px) 100vw, 486px\" \/><\/p>\n<p>Akta sejmikowe wojew\u00f3dztwa lubelskiego 1572-1632 \u2014 red. Henryk Gmiterek, Wydawnictwo UMCS, Lublin 2016.<\/p>\n<hr>\n<h2 id=\"akta_przyklad\">Akta sejmikowe<\/h2>\n<h3>Opracowa\u0142 Henryk Gmiterek<\/h3>\n<figure id=\"attachment_1605\" aria-describedby=\"caption-attachment-1605\" style=\"width: 526px\" class=\"wp-caption aligncenter\"><img loading=\"lazy\" decoding=\"async\" src=\"https:\/\/fundacja.kerstens.org\/wp-content\/uploads\/2020\/07\/przyklad.jpg\" alt=\"\" width=\"526\" height=\"800\" class=\"size-full wp-image-1605\" srcset=\"https:\/\/fundacja.kerstens.org\/wp-content\/uploads\/2020\/07\/przyklad.jpg 526w, https:\/\/fundacja.kerstens.org\/wp-content\/uploads\/2020\/07\/przyklad-197x300.jpg 197w\" sizes=\"auto, (max-width: 526px) 100vw, 526px\" \/><figcaption id=\"caption-attachment-1605\" class=\"wp-caption-text\">Jedna strona Akt Sejmikowych<\/figcaption><\/figure>\n<div align=\"center\"><figure id=\"attachment_1607\" aria-describedby=\"caption-attachment-1607\" style=\"width: 160px\" class=\"wp-caption alignright\"><img loading=\"lazy\" decoding=\"async\" src=\"https:\/\/fundacja.kerstens.org\/wp-content\/uploads\/2020\/07\/cover_160.jpg\" alt=\"\" width=\"160\" height=\"227\" class=\"size-full wp-image-1607\" \/><figcaption id=\"caption-attachment-1607\" class=\"wp-caption-text\">Ok\u0142adka Akt sejmikowych<\/figcaption><\/figure><figure id=\"attachment_1610\" aria-describedby=\"caption-attachment-1610\" style=\"width: 160px\" class=\"wp-caption alignright\"><img loading=\"lazy\" decoding=\"async\" src=\"https:\/\/fundacja.kerstens.org\/wp-content\/uploads\/2020\/07\/page1_200.fw_.png\" alt=\"\" width=\"160\" height=\"231\" class=\"size-full wp-image-1610\" style=\"border: 1px solid #999;\"\/><figcaption id=\"caption-attachment-1610\" class=\"wp-caption-text\">Strona tytu\u0142owa Akt<\/figcaption><\/figure><\/div>\n","protected":false},"excerpt":{"rendered":"<p>Akta Sejmikowe Pod koniec 2014 roku Profesor Henryk Gmiterek zwr\u00f3ci\u0142 si\u0119 do Fundacji z propozycj\u0105, by\u015bmy dofinansowali prace na aktami&hellip;<\/p>\n","protected":false},"author":2,"featured_media":0,"parent":0,"menu_order":0,"comment_status":"closed","ping_status":"closed","template":"","meta":{"footnotes":""},"class_list":["post-1597","page","type-page","status-publish","hentry"],"_links":{"self":[{"href":"https:\/\/fundacja.kerstens.org\/index.php\/wp-json\/wp\/v2\/pages\/1597","targetHints":{"allow":["GET"]}}],"collection":[{"href":"https:\/\/fundacja.kerstens.org\/index.php\/wp-json\/wp\/v2\/pages"}],"about":[{"href":"https:\/\/fundacja.kerstens.org\/index.php\/wp-json\/wp\/v2\/types\/page"}],"author":[{"embeddable":true,"href":"https:\/\/fundacja.kerstens.org\/index.php\/wp-json\/wp\/v2\/users\/2"}],"replies":[{"embeddable":true,"href":"https:\/\/fundacja.kerstens.org\/index.php\/wp-json\/wp\/v2\/comments?post=1597"}],"version-history":[{"count":13,"href":"https:\/\/fundacja.kerstens.org\/index.php\/wp-json\/wp\/v2\/pages\/1597\/revisions"}],"predecessor-version":[{"id":1617,"href":"https:\/\/fundacja.kerstens.org\/index.php\/wp-json\/wp\/v2\/pages\/1597\/revisions\/1617"}],"wp:attachment":[{"href":"https:\/\/fundacja.kerstens.org\/index.php\/wp-json\/wp\/v2\/media?parent=1597"}],"curies":[{"name":"wp","href":"https:\/\/api.w.org\/{rel}","templated":true}]}}