{"id":6,"date":"2020-06-20T22:11:49","date_gmt":"2020-06-20T21:11:49","guid":{"rendered":"https:\/\/fundacja.kerstens.org\/index.php\/?page_id=6"},"modified":"2026-03-22T23:02:39","modified_gmt":"2026-03-22T22:02:39","slug":"home","status":"publish","type":"page","link":"https:\/\/fundacja.kerstens.org\/index.php\/","title":{"rendered":"Fundacja Kersten\u00f3w"},"content":{"rendered":"<div id=\"pl-6\"  class=\"panel-layout\" ><div id=\"pg-6-0\"  class=\"panel-grid panel-no-style\" ><div id=\"pgc-6-0-0\"  class=\"panel-grid-cell\" ><div id=\"panel-6-0-0-0\" class=\"so-panel widget widget_sow-editor panel-first-child panel-last-child\" data-index=\"0\" ><div\n\t\t\t\n\t\t\tclass=\"so-widget-sow-editor so-widget-sow-editor-base\"\n\t\t\t\n\t\t>\n<div class=\"siteorigin-widget-tinymce textwidget\">\n\t<p><!-- wp:quote --><\/p>\n<blockquote class=\"wp-block-quote\"><p><em>Fundacja Kersten\u00f3w zosta\u0142a za\u0142o\u017cona w 2011 roku, aby uczci\u0107 i upami\u0119tni\u0107 \u017cycie oraz dokonania Krystyny i Adama Kersten\u00f3w.<\/em><\/p><\/blockquote>\n<p><!-- \/wp:quote --><\/p>\n<p><!-- wp:separator --><\/p>\n<hr class=\"wp-block-separator\" \/>\n<p><!-- wp:heading {\"level\":4} --><\/p>\n<h4>Cele<\/h4>\n<p><!-- \/wp:heading --><\/p>\n<p><!-- wp:paragraph --><\/p>\n<p>Celem fundacji jest krzewienie warto\u015bci humanistycznych i demokratycznych, propagowanie postaw otwarto\u015bci, rzetelno\u015bci, szacunku dla innych, poszanowania prawdy oraz wspieranie bada\u0144 i inicjatyw s\u0142u\u017c\u0105cych pog\u0142\u0119bianiu i upowszechnianiu wiedzy humanistycznej i z zakresu szeroko rozumianych nauk spo\u0142ecznych, a tak\u017ce dzia\u0142alno\u015bci naukowej, edukacyjnej i o\u015bwiatowo-kulturalnej na rzecz og\u00f3\u0142u spo\u0142eczno\u015bci, popularyzuj\u0105cej idea\u0142y wyznawane przez Krystyn\u0119, Adama i Grzegorza Edmunda Kersten\u00f3w.<\/p>\n<p><!-- \/wp:paragraph --><\/p>\n<p><!-- wp:separator --><\/p>\n<hr class=\"wp-block-separator\" \/>\n<p><!-- \/wp:separator --><\/p>\n<h4>Zaproszenie<\/h4>\n<p>W miar\u0119 mo\u017cliwo\u015bci staramy si\u0119 porz\u0105dkowa\u0107 i upowszechnia\u0107 informacje o Krystynie i Adamie Kerstenach oraz o ich dorobku.<br \/>\nJe\u015bli mo\u017cecie nam pom\u00f3c w zbieraniu informacji, kt\u00f3re przyczyni\u0105 si\u0119 do pog\u0142\u0119bienia wiedzy o Krystynie i Adamie, ich pracy naukowej i dydaktycznej oraz <em>\u017c<\/em>yciu osobistym, to prosimy o <a href=\"https:\/\/fundacja.kerstens.org\/index.php\/kontakt\/\">kontakt<\/a>.<br \/>\nStaramy si\u0119, aby prezentowane informacje by\u0142y prawdziwe i aktualne oraz nie narusza\u0142y praw os\u00f3b trzecich, w tym praw autorskich. Nie zawsze jednak mo\u017cemy to gwarantowa\u0107. W wypadku w\u0105tpliwo\u015bci b\u0105d\u017a sprostowa\u0144 prosimy o <a title=\"Kontakt\" href=\"https:\/\/fundacja.kerstens.org\/index.php\/kontakt\/\">kontakt<\/a>.<\/p>\n<p class=\"right_text\">Grzegorz Kersten, Fundator<\/p>\n<p><!-- wp:separator --><\/p>\n<hr class=\"wp-block-separator\" \/>\n<p><!-- \/wp:separator --><\/p>\n<h4>Nasze dzia\u0142ania<\/h4>\n<p><!-- wp:paragraph --><\/p>\n<p>Podstawowym celem Fundacji pozostaje przyznawanie stypendi\u00f3w studentom i doktorantom podejmuj\u0105cym badania w dziedzinie nauk humanistycznych i spo\u0142ecznych.\u00a0\u00a0<a href=\"https:\/\/fundacja.kerstens.org\/stypendium-imienia-adama-kerstena-dla-doktorantow-historii\/\">Prof. H. Gmiterek pisze o stypendiach dla doktorant\u00f3w historii<\/a>.<br \/>\nSytuacja finansowa Fundacji pozwoli\u0142a nam na wsparcie finansowe przedsi\u0119wzi\u0119\u0107 naukowych. Pierwsz\u0105 tak\u0105 inicjatyw\u0105 jest wsparcie wydania\u00a0<a href=\"https:\/\/fundacja.kerstens.org\/index.php\/wsparcia-finansowe\/\">Akt sejmikowych wojew\u00f3dztwa lubelskiego 1572-1632 opracowanych przez Henryka Gmiterka<\/a>. <!-- \/wp:paragraph --><\/p>\n<p><!-- wp:paragraph --><\/p>\n<p>Regulaminy konkursu o stypendia doktoranckie:<br \/>\n\u2022 <a href=\"https:\/\/fundacja.kerstens.org\/index.php\/regulamin-stypendium-naukowego-im-adama-kerstena-dla-doktorantow-studium-doktoranckiego-w-instytucie-historii-umcs-w-lublinie\/\">im. Adama Kerstena<\/a> w <a href=\"https:\/\/www.umcs.pl\/en\/\">Instytucie Historii\u00a0Wydzia\u0142u Humanistycznego UMCS<\/a>.<br \/>\n\u2022 <a href=\"https:\/\/fundacja.kerstens.org\/index.php\/regulamin-konkursu\/\">im. Krystyny Kersten<\/a> w <a href=\"http:\/\/www.ihpan.edu.pl\/\">Instytucie Historii PAN<\/a>.<br \/>\n<!-- \/wp:paragraph --><\/p>\n<style type=\"text\/css\" id=\"dynamic_style\">.portfolio_designer_id .pdl_single_wrapp {\n  padding: 5px 5px;\n  box-sizing: border-box;\n}\n.portfolio_designer_id .pdl_single_wrapp .mask-contents,\n.portfolio_designer_id .pdl_single_wrapp .mask-contents h4,\n.portfolio_designer_id .pdl_single_wrapp .mask-contents p {\n  background-color: #222222;\n  word-break: deafult;\n}\n.portfolio_designer_id .pdl_single_wrapp.overlay_image .mask-wrapper {\n  border-radius: 0px;\n}\n.portfolio_designer_id .effect_2 .mask_bg,\n.portfolio_designer_id .mask-wrapper .mask {\n  background-color: rgba(0,0,0,0.7);\n}\n.portfolio_designer_id .mask-wrapper .mask h4,\n.portfolio_designer_id .pdl_single_wrapp .mask-contents h4 {\n  font-size: unset;\n  color: #fff;\n  font-style: normal;\n  font-weight: normal;\n  text-transform: none;\n  text-decoration: none;\n  line-height: 1.5;\n  letter-spacing: 0;\n}\n.portfolio_designer_id .effect_1 .mask-wrapper h4,\n.portfolio_designer_id .effect_3 .mask-wrapper h4 {\n  background-color: rgba(0,0,0,0.8);\n}\n.portfolio_designer_id .pdl_single_wrapp.effect_1 .mask-contents h4,\n.portfolio_designer_id .pdl_single_wrapp.effect_3 .mask-contents h4 {\n  background-color: rgba(34,34,34,0.8);\n}\n.portfolio_designer_id .effect_2 .mask-wrapper h4,\n.portfolio_designer_id .effect_4 .mask-wrapper h4 {\n  border-color: rgba(0,0,0,0.3);\n}\n.portfolio_designer_id .pdl_single_wrapp.effect_2 .mask-contents h4,\n.portfolio_designer_id .pdl_single_wrapp.effect_4 .mask-contents h4 {\n  border-color: rgba(34,34,34,0.3);\n}\n.portfolio_designer_id .mask-wrapper .mask p,\n.portfolio_designer_id .pdl_single_wrapp .mask-contents p {\n  font-size: unset;\n  color: #fff;\n  font-style: normal;\n  font-weight: normal;\n  text-transform: none;\n  text-decoration: none;\n  line-height: 1.5;\n  letter-spacing: 0;\n}\n.portfolio_designer_id .portfolio_filter_gallery ul li a:hover,\n.portfolio_designer_id .portfolio_filter_gallery ul li a.portfolio_gallery_selected {\n  background-color: transparent;\n  color: #3BC391;\n  border-color: #3BC391;\n}\n.portfolio_designer_id .portfolio_filter_gallery ul li a {\n  font-size: unset;\n  color: #000000;\n  background-color: transparent;\n  font-style: normal;\n  font-weight: normal;\n  text-transform: none;\n  text-decoration: none;\n  line-height: 1.5;\n  letter-spacing: 0;\n  padding-top: 5px;\n  padding-bottom: 5px;\n  padding-left: 15px;\n  padding-right: 15px;\n  border-width: 1px;\n  border-color: #000000;\n  border-style: solid;\n  transition: 0.2s all;\n  -ms-transition: 0.2s all;\n  -webkit-transition: 0.2s all;\n  -o-transition: 0.2s all;\n  display: inline-block;\n}\n.portfolio_designer_id .portdesign-load-more-btn {\n  padding: 10px 15px;\n  font-size: unset;\n  color: #000000;\n  background-color: #fff;\n  border-color: #fff;\n  -webkit-border-radius: 0;\n  -moz-border-radius: 0;\n  -ms-border-radius: 0;\n  -o-border-radius: 0;\n  border-radius: 0;\n}\n.portfolio_designer_id .portdesign-load-more-btn:hover,\n.portfolio_designer_id .portdesign-load-more-btn:focus {\n  color: #fff;\n  background-color: #000000;\n  border-color: #fff;\n}\n.portfolio_designer_id .mask-wrapper .mask a.info span {\n  color: #000000;\n  border-color: #000000;\n}\n<\/style>\t\t\t\t<div class=\"portfolio_designer_id\n\t\t\t\t portfolio_grid_class\t\t\t\t\">\n\t\t\t\t\t\t\t\t\t\t\t<div class=\"portfolio_gallery column-layout-3  \">\n\t\t\t\t\t\t\t\t\t\t\t\t\t<div class=\"pdl_single_wrapp bottom_image clm-3 effect_1 \" style=\"display: inline-block; height: auto;\">\n\t\t\t\t\t\t\t\t<div class=\"mask-wrapper portfolio-image-content \">\n\t\t\t\t\t\t\t\t\t<a href=\"https:\/\/fundacja.kerstens.org\/index.php\/adam-kersten\/\" title=\"Adam Kersten\" >\n\t\t\t\t\t\t\t\t\t\t<img decoding=\"async\" src=\"https:\/\/fundacja.kerstens.org\/wp-content\/uploads\/2020\/06\/Unknown.jpeg\" alt=\"\" \/>\t\t\t\t\t\t\t\t\t<\/a>\n\t\t\t\t\t\t\t\t\t\t\t\t\t\t\t\t\t\t\t<div class=\"mask_bg\"><\/div>\n\t\t\t\t\t\t\t\t\t\t<div class=\"mask\">\n\t\t\t\t\t\t\t\t\t\t\t<div class=\"mask-inner\">\n\t\t\t\t\t\t\t\t\t\t\t\t\t\t\t\t\t\t\t\t\t\t\t\t\t<div class=\"info-wrapp\">\n\t\t\t\t\t\t\t\t\t\t\t\t\t\t\t\t\t\t\t\t\t\t\t\t\t\t\t<\/div>\n\t\t\t\t\t\t\t\t\t\t\t\t\t\t\t\t\t\t\t\t\t\t\t\t<\/div>\n\t\t\t\t\t\t\t\t\t\t<\/div>\n\t\t\t\t\t\t\t\t\t\t\t\t\t\t\t\t\t\t<\/div>\n\t\t\t\t\t\t\t\t\t\t\t\t\t\t\t\t\t<div class=\"mask-contents portfolio-image-content\">\n\t\t\t\t\t\t\t\t\t\t<div class=\"mask-contents-wrapp\"> \n\t\t\t\t\t\t\t\t\t\t\t<a href=\"https:\/\/fundacja.kerstens.org\/index.php\/adam-kersten\/\"><h4> Adam Kersten <\/h4><\/a>\n\t\t\t\t\t\t\t\t\t\t\t\t\t\t\t\t\t\t\t\t\t<\/div>\n\t\t\t\t\t\t\t\t\t<\/div>\n\t\t\t\t\t\t\t\t\t\t\t\t\t\t\t<\/div>\n\t\t\t\t\t\t\t\t\t\t\t\t\t\t<div class=\"pdl_single_wrapp bottom_image clm-3 effect_1 \" style=\"display: inline-block; height: auto;\">\n\t\t\t\t\t\t\t\t<div class=\"mask-wrapper portfolio-image-content \">\n\t\t\t\t\t\t\t\t\t<a href=\"https:\/\/fundacja.kerstens.org\/index.php\/grzegorz-kersten\/\" title=\"Grzegorz Kersten\" >\n\t\t\t\t\t\t\t\t\t\t<img decoding=\"async\" src=\"https:\/\/fundacja.kerstens.org\/wp-content\/uploads\/2020\/07\/grzegorz.jpeg\" alt=\"\" \/>\t\t\t\t\t\t\t\t\t<\/a>\n\t\t\t\t\t\t\t\t\t\t\t\t\t\t\t\t\t\t\t<div class=\"mask_bg\"><\/div>\n\t\t\t\t\t\t\t\t\t\t<div class=\"mask\">\n\t\t\t\t\t\t\t\t\t\t\t<div class=\"mask-inner\">\n\t\t\t\t\t\t\t\t\t\t\t\t\t\t\t\t\t\t\t\t\t\t\t\t\t<div class=\"info-wrapp\">\n\t\t\t\t\t\t\t\t\t\t\t\t\t\t\t\t\t\t\t\t\t\t\t\t\t\t\t<\/div>\n\t\t\t\t\t\t\t\t\t\t\t\t\t\t\t\t\t\t\t\t\t\t\t\t<\/div>\n\t\t\t\t\t\t\t\t\t\t<\/div>\n\t\t\t\t\t\t\t\t\t\t\t\t\t\t\t\t\t\t<\/div>\n\t\t\t\t\t\t\t\t\t\t\t\t\t\t\t\t\t<div class=\"mask-contents portfolio-image-content\">\n\t\t\t\t\t\t\t\t\t\t<div class=\"mask-contents-wrapp\"> \n\t\t\t\t\t\t\t\t\t\t\t<a href=\"https:\/\/fundacja.kerstens.org\/index.php\/grzegorz-kersten\/\"><h4> Grzegorz Kersten <\/h4><\/a>\n\t\t\t\t\t\t\t\t\t\t\t\t\t\t\t\t\t\t\t\t\t<\/div>\n\t\t\t\t\t\t\t\t\t<\/div>\n\t\t\t\t\t\t\t\t\t\t\t\t\t\t\t<\/div>\n\t\t\t\t\t\t\t\t\t\t\t\t\t\t<div class=\"pdl_single_wrapp bottom_image clm-3 effect_1 \" style=\"display: inline-block; height: auto;\">\n\t\t\t\t\t\t\t\t<div class=\"mask-wrapper portfolio-image-content \">\n\t\t\t\t\t\t\t\t\t<a href=\"https:\/\/fundacja.kerstens.org\/index.php\/krystyna-kersten\/\" title=\"Krystyna Kersten\" >\n\t\t\t\t\t\t\t\t\t\t<img decoding=\"async\" src=\"https:\/\/fundacja.kerstens.org\/wp-content\/uploads\/2020\/06\/images.jpeg\" alt=\"\" \/>\t\t\t\t\t\t\t\t\t<\/a>\n\t\t\t\t\t\t\t\t\t\t\t\t\t\t\t\t\t\t\t<div class=\"mask_bg\"><\/div>\n\t\t\t\t\t\t\t\t\t\t<div class=\"mask\">\n\t\t\t\t\t\t\t\t\t\t\t<div class=\"mask-inner\">\n\t\t\t\t\t\t\t\t\t\t\t\t\t\t\t\t\t\t\t\t\t\t\t\t\t<div class=\"info-wrapp\">\n\t\t\t\t\t\t\t\t\t\t\t\t\t\t\t\t\t\t\t\t\t\t\t\t\t\t\t<\/div>\n\t\t\t\t\t\t\t\t\t\t\t\t\t\t\t\t\t\t\t\t\t\t\t\t<\/div>\n\t\t\t\t\t\t\t\t\t\t<\/div>\n\t\t\t\t\t\t\t\t\t\t\t\t\t\t\t\t\t\t<\/div>\n\t\t\t\t\t\t\t\t\t\t\t\t\t\t\t\t\t<div class=\"mask-contents portfolio-image-content\">\n\t\t\t\t\t\t\t\t\t\t<div class=\"mask-contents-wrapp\"> \n\t\t\t\t\t\t\t\t\t\t\t<a href=\"https:\/\/fundacja.kerstens.org\/index.php\/krystyna-kersten\/\"><h4> Krystyna Kersten <\/h4><\/a>\n\t\t\t\t\t\t\t\t\t\t\t\t\t\t\t\t\t\t\t\t\t<\/div>\n\t\t\t\t\t\t\t\t\t<\/div>\n\t\t\t\t\t\t\t\t\t\t\t\t\t\t\t<\/div>\n\t\t\t\t\t\t\t\t\t\t\t\t<\/div>\n\n\t\t\t\t\t\t\t\t\t<\/div>\n\t\t\t\t\n<hr class=\"wp-block-separator\" \/>\n<blockquote class=\"maincontent_blockquote_red\"><p><strong style=\"color: #c00;\">Laureat konkursu stypendialnego im. Krystyny Kersten<\/strong><br \/>\nKomisja konkursowa w sk\u0142adzie prof. prof. Henryk Gmiterek, Maciej G\u00f3rny, Tomasz Szarota wybra\u0142a laureata stypendium im. Krystyny Kersten na rok 2026\/2027, kt\u00f3rym zosta\u0142 <strong>Patryk Krupi\u0144ski<\/strong>.<br \/>\n<em style=\"color: #03c;\">Gratulujemy laureatowi i dzi\u0119kujemy Komisji!<\/em><\/p><\/blockquote>\n<p><!-- wp:separator --><\/p>\n<blockquote class=\"maincontent_blockquote_red\"><p><strong style=\"color: #c00;\">Laureat konkursu stypendialnego im. Adama Kerstena<\/strong><br \/>\nKomisja konkursowa w sk\u0142adzie dr hab. Piotr Bednarz prof. UMCS, dr hab. Leszek Wierzbicki, prof. UMCS, dr hab. Roman Wysocki, prof. UMCS, dr hab. Dariusz Szewczuk i prof. dr hab. Jerzy Eisler wybra\u0142a na laureata stypendium im. Adama Kerstena na rok 2025\/2026 <strong><a href=><\/a><a href=\"https:\/\/fundacja.kerstens.org\/2025-konkurs-o-stypendium-doktoranckie-im-adama-kerstena\/\">Leonida Pavlenk\u0119<\/a><\/strong>.<br \/>\n<em style=\"color: #03c;\">Gratulujemy laureatowi i dzi\u0119kujemy Komisji!<\/em><\/p><\/blockquote>\n<p><!-- wp:separator --><\/p>\n<hr class=\"wp-block-separator\" \/>\n<p><!-- \/wp:separator --><\/p>\n<p><!-- wp:heading {\"level\":4} --><\/p>\n<h4>Gratulujemy!<\/h4>\n<p><!-- \/wp:heading --><\/p>\n<p><!-- wp:paragraph --><\/p>\n<p>15 listopada 2023 r. w Instytucie Historii Uniwersytetu Marii Curie-Sk\u0142odowskiej w Lublinie <a href=\"https:\/\/fundacja.kerstens.org\/dr-malgorzata-surmacz\/\"><strong>dr Ma\u0142gorzata Surmacz<\/strong><\/a>, laureatka konkursu stypendialnego im. Adama Kerstena w 2021 r., obroni\u0142a prac\u0119 doktorsk\u0105 pt.\u201eUczniowie m\u0119skich gimnazj\u00f3w w Lublinie w walkach o niepodleg\u0142o\u015b\u0107 Polski w okresie I wojny \u015bwiatowej oraz wojny polsko-bolszewickiej w latach 1914\u20131921. Portret zbiorowy\u201d.<\/p>\n<p>15 listopada 2023 r. w Instytucie Historii Uniwersytetu Marii Curie-Sk\u0142odowskiej w Lublinie <a href=\"https:\/\/fundacja.kerstens.org\/dr-filip-gonczynski-jussis\/\"><strong>dr Filip Go\u0144czy\u0144ski-Jussis<\/strong><\/a>, laureat konkursu stypendialnego im. Adama Kerstena w 2014 r., obroni\u0142 prac\u0119 doktorsk\u0105 pt. \u201eTowarzystwo Przyja\u017ani Polsko-Radzieckiej (1944\u20131990). Masowa organizacja spo\u0142eczna w Polsce Ludowej\/PRL\u201d. <\/p>\n<p>4 pa\u017adziernika 2023 r. w Instytucie Historii Uniwersytetu Marii Curie-Sk\u0142odowskiej w Lublinie <strong><a href=\"https:\/\/fundacja.kerstens.org\/dr-anna-jakimowicz\/\">dr Anna Jakimowicz<\/a><\/strong>, laureatka konkursu stypendialnego im. Adama Kerstena, obroni\u0142a prac\u0119 doktorsk\u0105 pt. \u201eWojenna rzeczywisto\u015b\u0107. Lublin w czasie I wojny \u015bwiatowej\u201d.<\/p>\n<p>23 czerwca 2021 r. w Instytucie Historii Uniwersytetu Marii Curie-Sk\u0142odowskiej w Lublinie <a href=\"https:\/\/fundacja.kerstens.org\/index.php\/dr-iwona-gornicka\/\"><strong>dr Iwona G\u00f3rnicka<\/strong><\/a>, laureatka konkursu stypendialnego im. Adama Kerstena w 2016 r., obroni\u0142a prac\u0119 doktorsk\u0105 pt. \u201ePisma polityczne z lat 1669\u20131673 jako element walki stronnictwa kr\u00f3lewskiego z opozycyjn\u0105 propagand\u0105 malkontent\u00f3w\u201d.<\/p>\n<p>Laureatem Nagrody Prezesa Rady Ministr\u00f3w za 2020 rok zosta\u0142 <strong><a href=\"https:\/\/fundacja.kerstens.org\/dr-tomasz-leszkowicz\/\">dr Tomasz Leszkowicz<\/a><\/strong>, zwyci\u0119zca konkursu stypendialnego im. Krystyny Kersten z roku 2016. Wyr\u00f3\u017cnienie przynios\u0142a mu rozprawa doktorska \u201eLudowe Wojsko Polskie jako instytucja polityki pami\u0119ci historycznej 1956\u20131981\u201d, doceniona za dok\u0142adn\u0105 i wszechstronn\u0105 analiz\u0119 wykorzystywania wojska jako instrumentu prowadzenia polityki historycznej zgodnej z obowi\u0105zuj\u0105c\u0105 ideologi\u0105 i potrzebami partii.<\/p>\n<p>15 lipca 2019 r. w Instytucie Historii UMCS w Lublinie\u00a0<a href=\"https:\/\/fundacja.kerstens.org\/index.php\/dr-bartosz-staregowski\/\"><strong>dr Bartosz Star\u0119gowski<\/strong><\/a>, laureat konkursu stypendialnego im. Adama Kerstena w 2017 r., obroni\u0142 z wyr\u00f3\u017cnieniem prac\u0119 doktorsk\u0105 pt. \u201eFormacje zbrojne samorz\u0105du szlacheckiego wojew\u00f3dztw pozna\u0144skiego i kaliskiego w okresie panowania Jana Kazimierza (1648\u20141668)\u201d.<\/p>\n<p>20 listopada 2018 r. w Instytucie Historii Polskiej Akademii Nauk w Warszawie\u00a0<strong><a href=\"https:\/\/fundacja.kerstens.org\/dr-michal-przeperski\/\">dr Micha\u0142 Przeperski<\/a><\/strong>, laureat konkursu stypendialnego im. Krystyny Kersten w 2015 r., obroni\u0142 z wyr\u00f3\u017cnieniem prac\u0119 doktorsk\u0105 pt. \u201eMieczys\u0142aw F. Rakowski. Zarys biografii politycznej\u201d.<\/p>\n<p>10 lipca 2018 r. na Wydziale Humanistycznym Uniwersytetu Marii Curie-Sk\u0142odowskiej w Lublinie\u00a0<a href=\"https:\/\/fundacja.kerstens.org\/index.php\/dr-mariusz-kozdrach\/\"><strong>dr Mariusz Kozdrach<\/strong><\/a>\u00a0obroni\u0142 prac\u0119 doktorsk\u0105 pt. \u201eSzlachta powiatu radomskiego w czasach Stanis\u0142awa Augusta Poniatowskiego. Studium wi\u0119zi lokalnych\u201d.<\/p>\n<p>24 listopada 2016 r.\u00a0<a href=\"https:\/\/fundacja.kerstens.org\/index.php\/nagroda-prezesa-rady-ministrow\/\"><strong>dr Anna Maria Adamus<\/strong><\/a>, laureatka konkursu stypendialnego im. Krystyny Kersten w 2014 r., odebra\u0142a nagrod\u0119 Prezesa Rady Ministr\u00f3w za rozpraw\u0119 doktorsk\u0105 \u201eProblemy wsi w Polsce w latach 1956\u20141980 w \u015bwietle list\u00f3w do w\u0142adz centralnych\u201d.<\/p>\n<p><!-- \/wp:paragraph --><\/p>\n<p><!-- wp:separator --><\/p>\n<hr class=\"wp-block-separator\" \/>\n<p><!-- \/wp:separator --><\/p>\n<h4>Wiadomo\u015bci<\/h4>\n<p>\u2022 24 kwietnia 2024 r., dwa dni przed 94. rocznic\u0105 urodzin Adama Kerstena, w Instytucie Historii Uniwersytetu Marii Curie-Sk\u0142odowskiej odby\u0142a si\u0119 <a href=\"https:\/\/fundacja.kerstens.org\/promocja-ksiazki-profesor-adam-kersten-1930-1983-uczony-nauczyciel-czlowiek\/\">promocja<\/a> po\u015bwi\u0119conej mu ksi\u0105\u017cki wspomnieniowej \"Profesor Adam Kersten 1930\u20131983. Uczony, nauczyciel, cz\u0142owiek\u201d.<br \/>\n\u2022 Z inicjatywy Instytutu Historii UMCS dla uczczenia 90. rocznicy urodzin Adama Kerstena ukaza\u0142a si\u0119 ksi\u0105\u017cka wspomnieniowa <a href=\"https:\/\/fundacja.kerstens.org\/index.php\/profesor-adam-kersten-1930-1983-uczony-nauczyciel-czlowiek\/\">\u201eProfesor Adam Kersten 1930\u20131983. Uczony, nauczyciel, cz\u0142owiek\u201d<\/a><br \/>\n\u2022 <a href=\"https:\/\/fundacja.kerstens.org\/2020\/11\/01\/1-listopada\/\">Pocz\u0105tek listopada to zwyczajowo czas, gdy wspominamy naszych drogich zmar\u0142ych<\/a><br \/>\n\u2022 <a href=\"https:\/\/fundacja.kerstens.org\/2021\/05\/24\/o-krystynie-kersten-w-90-rocznice-urodzin\/\">O Krystynie Kersten w 90. rocznic\u0119 urodzin<\/a><br \/>\n\u2022 <a href=\"https:\/\/fundacja.kerstens.org\/2020\/07\/29\/89-rocznica-urodzin-krystyny-kersten\/\">Z okazji 89. rocznicy rodzin Krystyny Kersten zamieszczamy wspomnienie Beaty Bi\u0144ko<\/a><br \/>\n\u2022 <a href=\"https:\/\/fundacja.kerstens.org\/2020\/07\/28\/krystyna-i-adam-kerstenowie-nihilisci\/\">Kerstenowie - nihili\u015bci<\/a>, cytat z artykulu K. Naumienko, Stolica, 1968.<br \/>\n\u2022 <a href=\"https:\/\/fundacja.kerstens.org\/spotkania-z-naukowcami-adam-kersten\/\">Spotkania z naukowcami: Adam Kersten<\/a>, Kurier Lubelski, 1981.<br \/>\n\u2022 Listopad 2018:\u00a0<a href=\"https:\/\/fundacja.kerstens.org\/index.php\/2020\/07\/28\/narodziny-systemu-wladzy-polska-1943-1948\/\">Nowe wydanie ksi\u0105\u017cki\u00a0<\/a>Krystyny Kersten \"<strong>Narodziny Systemu W\u0142adzy. Polska 1943-1948<\/strong>\"<br \/>\n\u2022 10 lipca 2018 r. \u2014 <strong>10. rocznica \u015bmierci Krystyny Kersten<\/strong> ... <a id=\"show1\"><\/a><em>poka\u017c\/schowaj<\/em>.<\/p>\n<div id=\"show_content1\" style=\"display: none;\">\n<p>Dziesi\u0119\u0107 lat temu odesz\u0142a tak bliska mi Profesor Krystyna Kersten. Dla wielu zamilk\u0142a niemal dekad\u0119 wcze\u015bniej. Brakuje Jej g\u0142osu w przetaczaj\u0105cych si\u0119 przez Polsk\u0119 w ostatnich latach kolejnych bataliach o dochowanie prawdy historycznej, o przestrzeganie regu\u0142 warsztatowych, o autonomi\u0119 nauki w sytuacji, gdy pa\u0144stwo k\u0142adzie nacisk na \"polityk\u0119 historyczn\u0105\", propagand\u0119 przedk\u0142adaj\u0105c nad fakty. Szczeg\u00f3lnej aktualno\u015bci nabra\u0142a Jej konstatacja: \"Zawodowy etos historyka stawia go cz\u0119sto w opozycji nie tylko wobec w\u0142adzy, kt\u00f3ra kreuje fa\u0142szyw\u0105 histori\u0119, ale tak\u017ce wobec spo\u0142ecze\u0144stwa, przywi\u0105zanego do swoich mit\u00f3w i stereotyp\u00f3w, opieraj\u0105cego si\u0119 przewarto\u015bciowaniom, szukaj\u0105cego w historii potwierdzenia wsp\u00f3\u0142czesnych emocji. (.) wzdragam si\u0119 zdecydowanie przed sprowadzaniem historii (i historyk\u00f3w) do roli s\u0142u\u017cebnej wobec narodu. Historia, jej poznanie i zrozumienie kszta\u0142tuje nasz stosunek do \u015bwiata w znacznie szerszym wymiarze ni\u017c narodowy. Zamkni\u0119cie si\u0119 w narodowych op\u0142otkach grozi ksenofobi\u0105, egocentryzmem, ciasnot\u0105 my\u015blenia\". Jak pisa\u0142am o Krystynie Kersten w innym miejscu, \"na seminariach w Szkole Nauk Spo\u0142ecznych przy Instytucie Filozofii i Socjologii PAN pokazywa\u0142a nam, jak bada\u0107 histori\u0119, jakie pytania stawia\u0107 sobie i \u017ar\u00f3d\u0142om, by jak najstaranniej odtworzy\u0107 obraz przesz\u0142o\u015bci - u\u0142o\u017cy\u0107 jak najwi\u0119cej puzzli w uk\u0142adance, w kt\u00f3rej nie mamy do dyspozycji gotowego wzorca u\u0142atwiaj\u0105cego scalanie poszczeg\u00f3lnych element\u00f3w. Uwra\u017cliwia\u0142a nas zarazem na pu\u0142apki czyhaj\u0105ce zw\u0142aszcza na badacza dziej\u00f3w najnowszych, gdy brakuje dystansu do opisywanych zdarze\u0144 i \u0142atwo tworzy\u0107 'tendencyjn\u0105 publicystyk\u0119 przebran\u0105 w szat\u0119 nauki'\". Kolega z tego seminarium Dariusz Libionka wspomina\u0142 za\u015b: \"Przestrzega\u0142a wielokrotnie przed uzale\u017cnieniem bada\u0144 historycznych od dora\u017anych koniunktur politycznych. Pisa\u0142a: \"Historyk, zw\u0142aszcza dziej\u00f3w najnowszych, je\u015bli pragnie by\u0107 skuteczny i zarazem dzia\u0142a\u0107 zgodnie z wymogami swojej etyki, i to nie tylko etyki zawodowej, nie mo\u017ce przywdziewa\u0107 togi s\u0119dziowskiej po to, by pot\u0119pia\u0107, uniewinnia\u0107 lub g\u0142osi\u0107 chwa\u0142\u0119\". Powinno\u015bci\u0105 historyka, jest \"w miar\u0119 swoich mo\u017cliwo\u015bci ods\u0142ania\u0107 prawdziwy obraz rzeczywisto\u015bci\", rzetelna prezentacja \u017ar\u00f3de\u0142, \"przedstawienie wszystkich okoliczno\u015bci\" czy wreszcie d\u0105\u017cenie do zrozumienia. Przypomina\u0142a te\u017c, \u017ce \"wszelka jednostronno\u015b\u0107 podstawy \u017ar\u00f3d\u0142owej prowadzi do wypaczenia prawdy o przesz\u0142o\u015bci\". Uczy\u0142a niezale\u017cno\u015bci w my\u015bleniu i nieunikania temat\u00f3w trudnych, za co by\u0142a atakowana, ale jednocze\u015bnie otwarcia na innych i szacunku dla odmiennych od naszych warto\u015bci czy przekona\u0144. Mam wra\u017cenie, \u017ce wszystko to jest w chwili obecnej bole\u015bnie aktualne\".<br \/>\n\u017begnali\u015bmy J\u0105 16 lipca na cmentarzu P\u00f3\u0142nocnym w Warszawie. Uroczysto\u015bci pogrzebowe prowadzi\u0142 o. Jacek Salij OP..<\/p>\n<p class=\"right_text\"><em>Beata Bi\u0144ko<\/em><\/p>\n<\/div>\n<p>\u2022 K. Kersten,\u00a0<a href=\"http:\/\/kerstens.org\/fundacja\/Krystyna\/badania\/spoleczenstwo\/KK_Spolecz1.shtml\">Spo\u0142ecze\u0144stwo polskie wobec w\u0142adzy komunist\u00f3w<\/a><br \/>\n\u2022 J. Olaszek,\u00a0<a href=\"https:\/\/fundacja.kerstens.org\/wp-content\/uploads\/2020\/07\/JOlaszek_AKHistWOpozycji.pdf\">Adam Kersten (1930\u20141983) \u2013 Historyk w opozycji<\/a>\u00a0(pdf)<br \/>\n\u2022 K. Kersten,\u00a0<a href=\"https:\/\/fundacja.kerstens.org\/marzec-1968-i-tzw-kwestia-zydowska-w-polsce-po-ii-wojnie-swiatowej\/\">Marzec 1968 i tzw. kwestia \u017cydowska w Polsce po II wojnie \u015bwiatowej<\/a><br \/>\n\u2022 K. Kersten,\u00a0<a href=\"https:\/\/fundacja.kerstens.org\/czy-przeszlosc-sie-powtorzy\/\">Czy przesz\u0142o\u015b\u0107 si\u0119 powt\u00f3rzy<\/a><br \/>\n\u2022 B. N. \u0141opie\u0144ska,\u00a0<a href=\"https:\/\/fundacja.kerstens.org\/krystyna-kersten-anioly-sa-nudne\/\">Krystyna Kersten. Anio\u0142y s\u0105 nudne<\/a><br \/>\n\u2022 K. i A. Kerstenowie,\u00a0<a href=\"https:\/\/fundacja.kerstens.org\/najwazniejsze-metodologia\/\">Najwa\u017cniejsze: metodologia<\/a><br \/>\n\u2022 A. Kersten,\u00a0<a href=\"https:\/\/fundacja.kerstens.org\/kordecki\/\">Kordecki<\/a>;\u00a0<a href=\"https:\/\/fundacja.kerstens.org\/historia-jest-jak-noz\/\">Historia jest jak n\u00f3\u017c<\/a><br \/>\n\u2022 <a href=\"https:\/\/fundacja.kerstens.org\/refleksje-wokol-pamieci-katynia\/\">Refleksje wok\u00f3\u0142 pami\u0119ci Katynia<\/a>\u00a0(maszynopis KK cz\u0119\u015bciowo opublikowany)<br \/>\n\u2022 <a href=\"https:\/\/kerstens.org\/foundation\/Krystyna\/research\/KK_Adventure.shtml\">My Adventure with Contemporary History<\/a>\u00a0(t\u0142umaczenie tekstu KK \u201cMoja przygoda z histori\u0105 najnowsz\u0105\u201d)<\/p>\n<p><!-- wp:separator --><\/p>\n<hr class=\"wp-block-separator\" \/>\n<p><!-- \/wp:separator --><\/p>\n<h4>Stypendy\u015bci<\/h4>\n<p><!-- wp:columns --><\/p>\n<div class=\"wp-block-columns\">\n<p><!-- wp:column --><\/p>\n<div class=\"wp-block-column\">\n<dl>\n<dt>im. Krystyny Kersten:<\/dt>\n<dd>\u2022 <a href=\"https:\/\/fundacja.kerstens.org\/2026-konkurs-o-stypendium-doktoranckie-im-krystyny-kersten\/\">Patryk Krupi\u0144ski, 2026<\/a><br \/>\n\u2022 <a href=\"https:\/\/fundacja.kerstens.org\/2025-konkurs-o-stypendium-doktoranckie-im-krystyny-kersten\/\">Piotr Siewak, 2025<\/a><br \/>\n\u2022 <a href=\"https:\/\/fundacja.kerstens.org\/2024-konkurs-o-stypendium-doktoranckie-im-krystyny-kersten\/\/\">Yauheni Dudkin, 2024<\/a><br \/>\n\u2022 <a href=\"https:\/\/fundacja.kerstens.org\/2023-konkurs-o-stypendium-doktoranckie-im-krystyny-kersten-2\/\">Pawe\u0142 Lesisz, 2023<\/a><br \/>\n\u2022 <a href=\"https:\/\/fundacja.kerstens.org\/2022-konkurs-o-stypendium-doktoranckie-im-krystyny-kersten\/\">Paulina Chrz\u0105szcz, 2022<\/a><br \/>\n\u2022 <a href=\"https:\/\/fundacja.kerstens.org\/index.php\/2021-konkurs-o-stypendium-doktoranckie-im-krystyny-kersten\/\">\u0141ukasz Mieszkowski, 2021<\/a><br \/>\n\u2022 <a href=\"https:\/\/fundacja.kerstens.org\/index.php\/2020-konkurs-o-stypendium-doktoranckie-im-krystyny-kersten\/\">Piotr Donefner, 2020<\/a><br \/>\n\u2022 <a href=\"https:\/\/fundacja.kerstens.org\/index.php\/2019-konkurs-o-stypendium-doktoranckie-im-krystyny-kersten\/\">Milena Bykowska-Witowska, 2019<\/a><br \/>\n\u2022 <a href=\"https:\/\/fundacja.kerstens.org\/index.php\/2017-konkurs-o-stypendium-doktoranckie-im-krystyny-kersten\/\">Aleksandra Ba\u0144kowska, 2017<\/a><br \/>\n\u2022 <a href=\"https:\/\/fundacja.kerstens.org\/index.php\/2016-konkurs-o-stypendium-doktoranckie-im-krystyny-kersten\/\">Tomasz Leszkowicz, 2016<\/a>,\u00a0<a href=\"https:\/\/fundacja.kerstens.org\/dr-tomasz-leszkowicz\/\">Gratulacje<\/a><br \/>\n\u2022 <a href=\"https:\/\/fundacja.kerstens.org\/index.php\/2015-konkurs-o-stypendium-doktoranckie-im-krystyny-kersten\/\">Micha\u0142 Przeperski, 2015<\/a>,\u00a0<a href=\"https:\/\/fundacja.kerstens.org\/dr-michal-przeperski\/\">Gratulacje<\/a><br \/>\n\u2022 <a href=\"https:\/\/fundacja.kerstens.org\/index.php\/2014-konkurs-o-stypendium-doktoranckie-im-krystyny-kersten\/\">Anna M. Adamus, 2014<\/a>,\u00a0<a href=\"https:\/\/fundacja.kerstens.org\/dr-anna-maria-adamus\/\">Gratulacje<\/a>,\u00a0<a href=\"https:\/\/fundacja.kerstens.org\/index.php\/nagroda-prezesa-rady-ministrow\/\">Nagroda<\/a><br \/>\n\u2022 <a href=\"https:\/\/fundacja.kerstens.org\/index.php\/2013-konkurs-o-stypendium-doktoranckie-im-krystyny-kersten\/\">Jan Olaszek, 2013<\/a>,\u00a0\u00a0<a href=\"https:\/\/fundacja.kerstens.org\/dr-jan-olaszek\/\">Gratulacje<\/a><br \/>\n\u2022 <a href=\"https:\/\/fundacja.kerstens.org\/index.php\/2012-konkurs-o-stypendium-doktoranckie-im-krystyny-kersten\/\">Andrzej Skalimowski, 2012<\/a>,\u00a0<a href=\"https:\/\/fundacja.kerstens.org\/dr-andrzej-skalimowski\/\">Gratulacje<\/a><\/dd>\n<\/dl>\n<\/div>\n<p><!-- \/wp:column --><\/p>\n<p><!-- wp:column --><\/p>\n<div class=\"wp-block-column\">\n<dl>\n<dt>im. Adama Kerstena:<\/dt>\n<dd>\u2022 <a href=\"https:\/\/fundacja.kerstens.org\/2025-konkurs-o-stypendium-doktoranckie-im-adama-kerstena\/\">Leonid Pavlenko, 2025<\/a><br \/>\n\u2022 <a href=\"https:\/\/fundacja.kerstens.org\/2024-konkurs-o-stypendium-doktoranckie-im-adama-kerstena\/\">Rafa\u0142 Ju\u015bci\u0144ski, 2024<\/a><br \/>\n\u2022 <a href=\"https:\/\/fundacja.kerstens.org\/2023-konkurs-o-stypendium-doktoranckie-im-adama-kerstena\/\">Bohdan Korol, 2023<\/a><br \/>\n\u2022 <a href=\"https:\/\/fundacja.kerstens.org\/2022-konkurs-o-stypendium-doktoranckie-im-adama-kerstena\/\">Jaros\u0142aw Buniowski, 2022<\/a><br \/>\n\u2022 <a href=\"https:\/\/fundacja.kerstens.org\/2021-konkurs-o-stypendium-doktoranckie-im-adama-kerstena\/\">Ma\u0142gorzata Surmacz, 2021<\/a>, <a href=\"https:\/\/fundacja.kerstens.org\/dr-malgorzata-surmacz\/\">Gratulacje<\/a><br \/>\n\u2022 <a href=\"https:\/\/fundacja.kerstens.org\/2020-konkurs-o-stypendium-doktoranckie-im-adama-kerstena\/\">Anna Jakimowicz, 2020<\/a>, \u00a0<a href=\"https:\/\/fundacja.kerstens.org\/dr-anna-jakimowicz\/\">Gratulacje<\/a><br \/>\n\u2022 <a href=\"https:\/\/fundacja.kerstens.org\/index.php\/2019-konkurs-o-stypendium-doktoranckie-im-adama-kerstena\/\">Jan Gawron, 2019<\/a><br \/>\n\u2022 <a href=\"https:\/\/fundacja.kerstens.org\/index.php\/2018-konkurs-o-stypendium-doktoranckie-im-adama-kerstena\/\">Marcin Janakowski, 2018<\/a><br \/>\n\u2022 <a href=\"https:\/\/fundacja.kerstens.org\/index.php\/2017-konkurs-o-stypendium-doktoranckie-im-adama-kerstena\/\">Bartosz Star\u0119gowski, 2017<\/a>,\u00a0<a href=\"https:\/\/fundacja.kerstens.org\/dr-bartosz-staregowski\/\">Gratulacje<\/a><br \/>\n\u2022 <a href=\"https:\/\/fundacja.kerstens.org\/index.php\/2016-konkurs-o-stypendium-doktoranckie-im-adama-kerstena\/\">Iwona G\u00f3rnicka, 2016<\/a>, <a href=\"https:\/\/fundacja.kerstens.org\/index.php\/dr-iwona-gornicka\/\">Gratulacje<\/a><br \/>\n\u2022 <a href=\"https:\/\/fundacja.kerstens.org\/index.php\/2015-konkurs-o-stypendium-doktoranckie-im-adama-kerstena\/\">Mariusz Kozdrach, 2015<\/a>,\u00a0<a href=\"https:\/\/fundacja.kerstens.org\/index.php\/dr-mariusz-kozdrach\/\">Gratulacje<\/a><br \/>\n\u2022 <a href=\"https:\/\/fundacja.kerstens.org\/index.php\/2014-konkurs-o-stypendium-doktoranckie-im-adama-kerstena\/\">Filip Go\u0144czy\u0144ski-Jussis, 2014<\/a>, <a href=\"https:\/\/fundacja.kerstens.org\/dr-filip-gonczynski-jussis\/\">Gratulacje<\/a><br \/>\n\u2022 <a href=\"https:\/\/fundacja.kerstens.org\/index.php\/2013-konkurs-o-stypendium-doktoranckie-im-adama-kerstena\/\">Robert St\u0119pie\u0144, 2013<\/a>,\u00a0<a href=\"https:\/\/fundacja.kerstens.org\/index.php\/dr-robert-stepien\/\">Gratulacje<\/a><br \/>\n\u2022 <a href=\"https:\/\/fundacja.kerstens.org\/index.php\/2012-konkurs-o-stypendium-doktoranckie-im-adama-kerstena\/\">Pawe\u0142 Stefanek, 2012<\/a><\/dd>\n<\/dl>\n<\/div>\n<p><!-- \/wp:column --><\/p>\n<\/div>\n<p><!-- \/wp:columns --><\/p>\n<\/div>\n<\/div><\/div><\/div><div id=\"pgc-6-0-1\"  class=\"panel-grid-cell\" ><div id=\"panel-6-0-1-0\" class=\"widget_text so-panel widget widget_custom_html panel-first-child panel-last-child\" data-index=\"1\" ><div class=\"textwidget custom-html-widget\"><img loading=\"lazy\" decoding=\"async\" src=\"https:\/\/fundacja.kerstens.org\/wp-content\/uploads\/2020\/07\/KrystynaAdam_165.jpg\" alt=\"Krystyna Adam Kersten\" border=\"1px\" width=\"165\" height=\"304\">\n\n<hr>\n\n<small><em style=\"color:#00007b\"><a href=\"https:\/\/fundacja.kerstens.org\/index.php\/kontakt\/\" title=\"Kontakt\">Napiszcie do nas<\/a>, je\u015bli materia\u0142y zawarte na tych stronach okaza\u0142y si\u0119 przydatne do Waszej pracy i studi\u00f3w<\/em><br \/>\nCh\u0119tnie umie\u015bcimy informacje o tym na naszych stronach.<\/small><\/div><\/div><\/div><\/div><\/div>","protected":false},"excerpt":{"rendered":"<p>Fundacja Kersten\u00f3w zosta\u0142a za\u0142o\u017cona w 2011 roku, aby uczci\u0107 i upami\u0119tni\u0107 \u017cycie oraz dokonania Krystyny i Adama Kersten\u00f3w. Cele Celem&hellip;<\/p>\n","protected":false},"author":1,"featured_media":0,"parent":0,"menu_order":0,"comment_status":"closed","ping_status":"closed","template":"","meta":{"footnotes":""},"class_list":["post-6","page","type-page","status-publish","hentry"],"_links":{"self":[{"href":"https:\/\/fundacja.kerstens.org\/index.php\/wp-json\/wp\/v2\/pages\/6","targetHints":{"allow":["GET"]}}],"collection":[{"href":"https:\/\/fundacja.kerstens.org\/index.php\/wp-json\/wp\/v2\/pages"}],"about":[{"href":"https:\/\/fundacja.kerstens.org\/index.php\/wp-json\/wp\/v2\/types\/page"}],"author":[{"embeddable":true,"href":"https:\/\/fundacja.kerstens.org\/index.php\/wp-json\/wp\/v2\/users\/1"}],"replies":[{"embeddable":true,"href":"https:\/\/fundacja.kerstens.org\/index.php\/wp-json\/wp\/v2\/comments?post=6"}],"version-history":[{"count":291,"href":"https:\/\/fundacja.kerstens.org\/index.php\/wp-json\/wp\/v2\/pages\/6\/revisions"}],"predecessor-version":[{"id":2363,"href":"https:\/\/fundacja.kerstens.org\/index.php\/wp-json\/wp\/v2\/pages\/6\/revisions\/2363"}],"wp:attachment":[{"href":"https:\/\/fundacja.kerstens.org\/index.php\/wp-json\/wp\/v2\/media?parent=6"}],"curies":[{"name":"wp","href":"https:\/\/api.w.org\/{rel}","templated":true}]}}